



{"id":5,"date":"2023-07-31T10:25:55","date_gmt":"2023-07-31T13:25:55","guid":{"rendered":"https:\/\/educ.rec.br\/portaleducacao\/?page_id=5"},"modified":"2026-04-17T15:11:31","modified_gmt":"2026-04-17T18:11:31","slug":"inicio","status":"publish","type":"page","link":"https:\/\/educ.rec.br\/portaleducacao\/","title":{"rendered":"IN\u00cdCIO"},"content":{"rendered":"\t\t<div data-elementor-type=\"wp-page\" data-elementor-id=\"5\" class=\"elementor elementor-5\">\n\t\t\t\t\t\t<section class=\"elementor-section elementor-top-section elementor-element elementor-element-5c433db elementor-section-full_width elementor-section-height-default elementor-section-height-default wpr-particle-no wpr-jarallax-no wpr-parallax-no wpr-sticky-section-no\" data-id=\"5c433db\" data-element_type=\"section\" data-e-type=\"section\">\n\t\t\t\t\t\t<div class=\"elementor-container elementor-column-gap-no\">\n\t\t\t\t\t<div class=\"elementor-column elementor-col-100 elementor-top-column elementor-element elementor-element-4c23032\" data-id=\"4c23032\" data-element_type=\"column\" data-e-type=\"column\">\n\t\t\t<div class=\"elementor-widget-wrap elementor-element-populated\">\n\t\t\t\t\t\t<div class=\"elementor-element elementor-element-2568acd elementor-widget__width-initial elementor-widget elementor-widget-shortcode\" data-id=\"2568acd\" data-element_type=\"widget\" data-e-type=\"widget\" data-widget_type=\"shortcode.default\">\n\t\t\t\t<div class=\"elementor-widget-container\">\n\t\t\t\t\t\t\t<div class=\"elementor-shortcode\">    <link rel='stylesheet' href='https:\/\/educ.rec.br\/portaleducacao\/wp-content\/plugins\/vivacamaragibe-slides\/view\/assets\/styles\/web-slide.css'>\n    <link rel='stylesheet' href='https:\/\/educ.rec.br\/portaleducacao\/wp-content\/plugins\/vivacamaragibe-slides\/view\/assets\/styles\/mobile-slide.css'>\n    <link rel='stylesheet' href='https:\/\/educ.rec.br\/portaleducacao\/wp-content\/plugins\/vivacamaragibe-slides\/view\/assets\/styles\/flickity.css' media='screen'>\n    <script defer src='https:\/\/educ.rec.br\/portaleducacao\/wp-content\/plugins\/vivacamaragibe-slides\/view\/assets\/scripts\/flickity.pkgd.js'><\/script>\n    <script defer src='https:\/\/code.jquery.com\/jquery-3.6.4.min.js'><\/script>\n\n    <!--WEB SLIDE-->\n    <div id='slider-principal-web' data-flickity='{ \"autoPlay\": 5000, \"pauseAutoPlayOnHover\": true, \"wrapAround\": true }'>\n                        \n                <div class='slider-cell'>\n                    <div class='slider-content'>\n                        <div class='slider-title'>\n                            <p>EDUCA\u00c7\u00c3O QUE FLORESCE NO CUIDADO: nova sede da EMTI Hospitalar Semear \u00e9 inaugurada no Hospital da Crian\u00e7a do Recife<\/p>\n                        <\/div>\n                        <div class='slider-button'>\n                            <a href='https:\/\/educ.rec.br\/portaleducacao\/index.php\/2026\/04\/29\/educacao-que-floresce-no-cuidado-nova-sede-da-emti-hospitalar-semear-e-inaugurada-no-hospital-da-crianca-do-recife\/'>\n                                <button>Leia mais<\/button>\n                            <\/a>\n                        <\/div>\n                    <\/div>\n                    <img class='slider-img' src='https:\/\/educ.rec.br\/portaleducacao\/wp-content\/uploads\/2026\/04\/KLEYVSON_SANTOS-1368-scaled.jpg' alt='EDUCA\u00c7\u00c3O QUE FLORESCE NO CUIDADO: nova sede da EMTI Hospitalar Semear \u00e9 inaugurada no Hospital da Crian\u00e7a do Recife' \/>\n                    <div class='overlay'><\/div>\n                <\/div>\n                            \n                <div class='slider-cell'>\n                    <div class='slider-content'>\n                        <div class='slider-title'>\n                            <p>Prefeitura do Recife avan\u00e7a na constru\u00e7\u00e3o de nova creche em Campo Grande<\/p>\n                        <\/div>\n                        <div class='slider-button'>\n                            <a href='https:\/\/educ.rec.br\/portaleducacao\/index.php\/2026\/04\/28\/prefeitura-do-recife-avanca-na-construcao-de-nova-creche-em-campo-grande\/'>\n                                <button>Leia mais<\/button>\n                            <\/a>\n                        <\/div>\n                    <\/div>\n                    <img class='slider-img' src='https:\/\/educ.rec.br\/portaleducacao\/wp-content\/uploads\/2026\/04\/KLEYVSON_SANTOS-2736-scaled.jpg' alt='Prefeitura do Recife avan\u00e7a na constru\u00e7\u00e3o de nova creche em Campo Grande' \/>\n                    <div class='overlay'><\/div>\n                <\/div>\n                            \n                <div class='slider-cell'>\n                    <div class='slider-content'>\n                        <div class='slider-title'>\n                            <p>Recife realiza a\u00e7\u00f5es de combate ao bullying e promove cultura de paz nas escolas municipais<\/p>\n                        <\/div>\n                        <div class='slider-button'>\n                            <a href='https:\/\/educ.rec.br\/portaleducacao\/index.php\/2026\/04\/23\/recife-realiza-acoes-de-combate-ao-bullying-e-promove-cultura-de-paz-nas-escolas-municipais\/'>\n                                <button>Leia mais<\/button>\n                            <\/a>\n                        <\/div>\n                    <\/div>\n                    <img class='slider-img' src='https:\/\/educ.rec.br\/portaleducacao\/wp-content\/uploads\/2026\/04\/KLEYVSON_SANTOS-314-scaled.jpg' alt='Recife realiza a\u00e7\u00f5es de combate ao bullying e promove cultura de paz nas escolas municipais' \/>\n                    <div class='overlay'><\/div>\n                <\/div>\n                            \n                <div class='slider-cell'>\n                    <div class='slider-content'>\n                        <div class='slider-title'>\n                            <p>Projeto Passos que Educam leva o frevo ao cotidiano escolar do Recife\u00a0<\/p>\n                        <\/div>\n                        <div class='slider-button'>\n                            <a href='https:\/\/educ.rec.br\/portaleducacao\/index.php\/2026\/04\/22\/projeto-passos-que-educam-leva-o-frevo-ao-cotidiano-escolar-do-recife\/'>\n                                <button>Leia mais<\/button>\n                            <\/a>\n                        <\/div>\n                    <\/div>\n                    <img class='slider-img' src='https:\/\/educ.rec.br\/portaleducacao\/wp-content\/uploads\/2026\/04\/KLEYVSON_SANTOS-63.jpg' alt='Projeto Passos que Educam leva o frevo ao cotidiano escolar do Recife\u00a0' \/>\n                    <div class='overlay'><\/div>\n                <\/div>\n                            \n                <div class='slider-cell'>\n                    <div class='slider-content'>\n                        <div class='slider-title'>\n                            <p>Prefeitura do Recife d\u00e1 posse ao Comit\u00ea de Crian\u00e7as e amplia participa\u00e7\u00e3o infantil na constru\u00e7\u00e3o de pol\u00edticas p\u00fablicas<\/p>\n                        <\/div>\n                        <div class='slider-button'>\n                            <a href='https:\/\/educ.rec.br\/portaleducacao\/index.php\/2026\/04\/13\/prefeitura-do-recife-da-posse-ao-comite-de-criancas-e-amplia-participacao-infantil-na-construcao-de-politicas-publicas\/'>\n                                <button>Leia mais<\/button>\n                            <\/a>\n                        <\/div>\n                    <\/div>\n                    <img class='slider-img' src='https:\/\/educ.rec.br\/portaleducacao\/wp-content\/uploads\/2026\/04\/KLEYVSON_SANTOS-362-scaled.jpg' alt='Prefeitura do Recife d\u00e1 posse ao Comit\u00ea de Crian\u00e7as e amplia participa\u00e7\u00e3o infantil na constru\u00e7\u00e3o de pol\u00edticas p\u00fablicas' \/>\n                    <div class='overlay'><\/div>\n                <\/div>\n                <\/div>\n\n    \n    <!--MOBILE SLIDE-->\n    <div id='slider-principal-mobile' data-flickity='{ \"autoPlay\": 5000, \"pauseAutoPlayOnHover\": true, \"wrapAround\": true }'>\n                        <div class='slider-cell'>\n                    <img class='slider-img' src='https:\/\/educ.rec.br\/portaleducacao\/wp-content\/uploads\/2026\/04\/KLEYVSON_SANTOS-1368-scaled.jpg' alt='EDUCA\u00c7\u00c3O QUE FLORESCE NO CUIDADO: nova sede da EMTI Hospitalar Semear \u00e9 inaugurada no Hospital da Crian\u00e7a do Recife' \/>\n                    <div class='slider-content'>\n                        <div class='slider-title'>\n                            <p>EDUCA\u00c7\u00c3O QUE FLORESCE NO CUIDADO: nova sede da EMTI Hospitalar Semear \u00e9 inaugurada no Hospital da Crian\u00e7a do Recife<\/p>\n                        <\/div>\n                        <div class='slider-button'>\n                            <a href='https:\/\/educ.rec.br\/portaleducacao\/index.php\/2026\/04\/29\/educacao-que-floresce-no-cuidado-nova-sede-da-emti-hospitalar-semear-e-inaugurada-no-hospital-da-crianca-do-recife\/'>\n                                <button>Leia mais<\/button>\n                            <\/a>\n                        <\/div>\n                    <\/div>\n                <\/div>\n                            <div class='slider-cell'>\n                    <img class='slider-img' src='https:\/\/educ.rec.br\/portaleducacao\/wp-content\/uploads\/2026\/04\/KLEYVSON_SANTOS-2736-scaled.jpg' alt='Prefeitura do Recife avan\u00e7a na constru\u00e7\u00e3o de nova creche em Campo Grande' \/>\n                    <div class='slider-content'>\n                        <div class='slider-title'>\n                            <p>Prefeitura do Recife avan\u00e7a na constru\u00e7\u00e3o de nova creche em Campo Grande<\/p>\n                        <\/div>\n                        <div class='slider-button'>\n                            <a href='https:\/\/educ.rec.br\/portaleducacao\/index.php\/2026\/04\/28\/prefeitura-do-recife-avanca-na-construcao-de-nova-creche-em-campo-grande\/'>\n                                <button>Leia mais<\/button>\n                            <\/a>\n                        <\/div>\n                    <\/div>\n                <\/div>\n                            <div class='slider-cell'>\n                    <img class='slider-img' src='https:\/\/educ.rec.br\/portaleducacao\/wp-content\/uploads\/2026\/04\/KLEYVSON_SANTOS-314-scaled.jpg' alt='Recife realiza a\u00e7\u00f5es de combate ao bullying e promove cultura de paz nas escolas municipais' \/>\n                    <div class='slider-content'>\n                        <div class='slider-title'>\n                            <p>Recife realiza a\u00e7\u00f5es de combate ao bullying e promove cultura de paz nas escolas municipais<\/p>\n                        <\/div>\n                        <div class='slider-button'>\n                            <a href='https:\/\/educ.rec.br\/portaleducacao\/index.php\/2026\/04\/23\/recife-realiza-acoes-de-combate-ao-bullying-e-promove-cultura-de-paz-nas-escolas-municipais\/'>\n                                <button>Leia mais<\/button>\n                            <\/a>\n                        <\/div>\n                    <\/div>\n                <\/div>\n                            <div class='slider-cell'>\n                    <img class='slider-img' src='https:\/\/educ.rec.br\/portaleducacao\/wp-content\/uploads\/2026\/04\/KLEYVSON_SANTOS-63.jpg' alt='Projeto Passos que Educam leva o frevo ao cotidiano escolar do Recife\u00a0' \/>\n                    <div class='slider-content'>\n                        <div class='slider-title'>\n                            <p>Projeto Passos que Educam leva o frevo ao cotidiano escolar do Recife\u00a0<\/p>\n                        <\/div>\n                        <div class='slider-button'>\n                            <a href='https:\/\/educ.rec.br\/portaleducacao\/index.php\/2026\/04\/22\/projeto-passos-que-educam-leva-o-frevo-ao-cotidiano-escolar-do-recife\/'>\n                                <button>Leia mais<\/button>\n                            <\/a>\n                        <\/div>\n                    <\/div>\n                <\/div>\n                            <div class='slider-cell'>\n                    <img class='slider-img' src='https:\/\/educ.rec.br\/portaleducacao\/wp-content\/uploads\/2026\/04\/KLEYVSON_SANTOS-362-scaled.jpg' alt='Prefeitura do Recife d\u00e1 posse ao Comit\u00ea de Crian\u00e7as e amplia participa\u00e7\u00e3o infantil na constru\u00e7\u00e3o de pol\u00edticas p\u00fablicas' \/>\n                    <div class='slider-content'>\n                        <div class='slider-title'>\n                            <p>Prefeitura do Recife d\u00e1 posse ao Comit\u00ea de Crian\u00e7as e amplia participa\u00e7\u00e3o infantil na constru\u00e7\u00e3o de pol\u00edticas p\u00fablicas<\/p>\n                        <\/div>\n                        <div class='slider-button'>\n                            <a href='https:\/\/educ.rec.br\/portaleducacao\/index.php\/2026\/04\/13\/prefeitura-do-recife-da-posse-ao-comite-de-criancas-e-amplia-participacao-infantil-na-construcao-de-politicas-publicas\/'>\n                                <button>Leia mais<\/button>\n                            <\/a>\n                        <\/div>\n                    <\/div>\n                <\/div>\n                <\/div>\n<\/div>\n\t\t\t\t\t\t<\/div>\n\t\t\t\t<\/div>\n\t\t<div class=\"elementor-element elementor-element-4e89a2d e-flex e-con-boxed wpr-particle-no wpr-jarallax-no wpr-parallax-no wpr-sticky-section-no e-con e-parent\" data-id=\"4e89a2d\" data-element_type=\"container\" data-e-type=\"container\" data-settings=\"{&quot;background_background&quot;:&quot;classic&quot;}\">\n\t\t\t\t\t<div class=\"e-con-inner\">\n\t\t<div class=\"elementor-element elementor-element-c9c73fc e-con-full e-flex wpr-particle-no wpr-jarallax-no wpr-parallax-no wpr-sticky-section-no e-con e-child\" data-id=\"c9c73fc\" data-element_type=\"container\" data-e-type=\"container\" data-settings=\"{&quot;background_background&quot;:&quot;classic&quot;}\">\n\t\t\t\t<div class=\"elementor-element elementor-element-869a28c elementor-widget__width-inherit wpr-search-form-style-outer wpr-search-form-position-right elementor-widget elementor-widget-wpr-search\" data-id=\"869a28c\" data-element_type=\"widget\" data-e-type=\"widget\" data-widget_type=\"wpr-search.default\">\n\t\t\t\t<div class=\"elementor-widget-container\">\n\t\t\t\t\t\n\t\t<form role=\"search\" method=\"get\" class=\"wpr-search-form\" action=\"https:\/\/educ.rec.br\/portaleducacao\">\n\n\t\t\t<div class=\"wpr-search-form-input-wrap elementor-clearfix\">\n\t\t\t\t<input class=\"wpr-search-form-input\" placeholder=\"O que voc\u00ea procura?\" aria-label=\"O que voc\u00ea procura?\" type=\"search\" name=\"s\" title=\"Search\" value=\"\" wpr-query-type=\"all\" wpr-taxonomy-type=\"\" number-of-results=\"2\" ajax-search=\"\" meta-query=\"\" show-description=\"yes\" number-of-words=\"30\" show-ajax-thumbnails=\"\" show-view-result-btn=\"\" show-product-price=\"no\" view-result-text=\"View Results\" no-results=\"No Results Found\" exclude-without-thumb=\"\" link-target=\"_self\" password-protected=\"no\" attachments=\"no\">\n\t\t\t\t\t\t\t<\/div>\n\n\t\t\t\n\t\t<button class=\"wpr-search-form-submit\" aria-label=\"O que voc\u00ea procura?\" type=\"submit\">\n\t\t\t\t\t\t\t<i class=\"fas fa-search\"><\/i>\n\t\t\t\t\t<\/button>\n\n\t\t\t\t<\/form>\n\t\t<div class=\"wpr-data-fetch\">\n\t\t\t<span class=\"wpr-close-search\"><\/span>\n\t\t\t<ul><\/ul>\n\t\t\t\t\t<\/div>\n\t\t\n\t\t\t\t\t\t<\/div>\n\t\t\t\t<\/div>\n\t\t\t\t<\/div>\n\t\t\t\t\t<\/div>\n\t\t\t\t<\/div>\n\t\t\t\t\t<\/div>\n\t\t<\/div>\n\t\t\t\t\t<\/div>\n\t\t<\/section>\n\t\t<div class=\"elementor-element elementor-element-aeb3f45 e-con-full e-flex wpr-particle-no wpr-jarallax-no wpr-parallax-no wpr-sticky-section-no e-con e-parent\" data-id=\"aeb3f45\" data-element_type=\"container\" data-e-type=\"container\">\n\t\t\t\t<div class=\"elementor-element elementor-element-2fda347 elementor-widget elementor-widget-spacer\" data-id=\"2fda347\" data-element_type=\"widget\" data-e-type=\"widget\" data-widget_type=\"spacer.default\">\n\t\t\t\t<div class=\"elementor-widget-container\">\n\t\t\t\t\t\t\t<div class=\"elementor-spacer\">\n\t\t\t<div class=\"elementor-spacer-inner\"><\/div>\n\t\t<\/div>\n\t\t\t\t\t\t<\/div>\n\t\t\t\t<\/div>\n\t\t\t\t<\/div>\n\t\t<div class=\"elementor-element elementor-element-028b8a0 e-con-full e-flex wpr-particle-no wpr-jarallax-no wpr-parallax-no wpr-sticky-section-no e-con e-parent\" data-id=\"028b8a0\" data-element_type=\"container\" data-e-type=\"container\" data-settings=\"{&quot;background_background&quot;:&quot;classic&quot;}\">\n\t\t<div class=\"elementor-element elementor-element-8b7c405 e-con-full links-externos e-flex wpr-particle-no wpr-jarallax-no wpr-parallax-no wpr-sticky-section-no e-con e-child\" data-id=\"8b7c405\" data-element_type=\"container\" data-e-type=\"container\">\n\t\t\t\t<div class=\"elementor-element elementor-element-aff5392 elementor-widget elementor-widget-html\" data-id=\"aff5392\" data-element_type=\"widget\" data-e-type=\"widget\" data-widget_type=\"html.default\">\n\t\t\t\t<div class=\"elementor-widget-container\">\n\t\t\t\t\t<a target=\"_blank\" href=\"https:\/\/www.cepe.com.br\/prefeituradiario\/\">\r\n  <button class=\"btn custom-btn text-wrap d-flex align-items-center justify-content-between px-3 py-2\">\r\n    <span class=\"text-start\">Di\u00e1rio Oficial do Munic\u00edpio<\/span>\r\n    <svg xmlns=\"http:\/\/www.w3.org\/2000\/svg\" viewBox=\"0 0 24 24\" class=\"ms-2\">\r\n      <path d=\"M8 4l8 8-8 8\" stroke-linecap=\"round\" stroke-linejoin=\"round\"\/>\r\n    <\/svg>\r\n  <\/button>\r\n<\/a>\r\n\r\n<a target=\"_blank\" href=\"http:\/\/www.portalcme.recife.pe.gov.br\/\">\r\n  <button class=\"btn custom-btn text-wrap d-flex align-items-center justify-content-between px-3 py-2\">\r\n    <span class=\"text-start\">Conselho Municipal de Educa\u00e7\u00e3o<\/span>\r\n    <svg xmlns=\"http:\/\/www.w3.org\/2000\/svg\" viewBox=\"0 0 24 24\" class=\"ms-2\">\r\n      <path d=\"M8 4l8 8-8 8\" stroke-linecap=\"round\" stroke-linejoin=\"round\"\/>\r\n    <\/svg>\r\n  <\/button>\r\n<\/a>\r\n\r\n<a target=\"_blank\" href=\"https:\/\/drive.google.com\/file\/d\/1IdGCZzftmJoxGGvrN_WDyYaG6VG_LvUT\/view\">\r\n  <button class=\"btn  custom-btn text-wrap d-flex align-items-center justify-content-between px-3 py-2\">\r\n    <span class=\"text-start\">Plano Municipal de Educa\u00e7\u00e3o<\/span>\r\n    <svg xmlns=\"http:\/\/www.w3.org\/2000\/svg\" viewBox=\"0 0 24 24\" class=\"ms-2\">\r\n      <path d=\"M8 4l8 8-8 8\" stroke-linecap=\"round\" stroke-linejoin=\"round\"\/>\r\n    <\/svg>\r\n  <\/button>\r\n<\/a>\r\n\r\n<a target=\"_blank\" href=\"http:\/\/eferpaulofreire.recife.pe.gov.br\/\">\r\n  <button class=\"btn  custom-btn text-wrap d-flex align-items-center justify-content-between px-3 py-2\">\r\n    <span class=\"text-start\">Escola de Forma\u00e7\u00e3o Professor Paulo Freire<\/span>\r\n    <svg xmlns=\"http:\/\/www.w3.org\/2000\/svg\" viewBox=\"0 0 24 24\" class=\"ms-2\">\r\n      <path d=\"M8 4l8 8-8 8\" stroke-linecap=\"round\" stroke-linejoin=\"round\"\/>\r\n    <\/svg>\r\n  <\/button>\r\n<\/a>\r\n\r\n<a target=\"_blank\" href=\"https:\/\/escoladegoverno.recife.pe.gov.br\/\">\r\n  <button class=\"btn  custom-btn text-wrap d-flex align-items-center justify-content-between px-3 py-2\">\r\n    <span class=\"text-start\">Escola do Governo da Cidade do Recife<\/span>\r\n    <svg xmlns=\"http:\/\/www.w3.org\/2000\/svg\" viewBox=\"0 0 24 24\" class=\"ms-2\">\r\n      <path d=\"M8 4l8 8-8 8\" stroke-linecap=\"round\" stroke-linejoin=\"round\"\/>\r\n    <\/svg>\r\n  <\/button>\r\n<\/a>\r\n\r\n<a target=\"_blank\" href=\"http:\/\/transparencia.recife.pe.gov.br\/codigos\/web\/geral\/home.php\">\r\n  <button class=\"btn custom-btn text-wrap d-flex align-items-center justify-content-between px-3 py-2\">\r\n    <span class=\"text-start\">Portal da Transpar\u00eancia<\/span>\r\n    <svg xmlns=\"http:\/\/www.w3.org\/2000\/svg\" viewBox=\"0 0 24 24\" class=\"ms-2\">\r\n      <path d=\"M8 4l8 8-8 8\" stroke-linecap=\"round\" stroke-linejoin=\"round\"\/>\r\n    <\/svg>\r\n  <\/button>\r\n<\/a>\t\t\t\t<\/div>\n\t\t\t\t<\/div>\n\t\t\t\t<\/div>\n\t\t<div class=\"elementor-element elementor-element-0f26f54 e-con-full e-flex wpr-particle-no wpr-jarallax-no wpr-parallax-no wpr-sticky-section-no e-con e-child\" data-id=\"0f26f54\" data-element_type=\"container\" data-e-type=\"container\">\n\t\t\t\t<div class=\"elementor-element elementor-element-6eb31a2 elementor-widget elementor-widget-shortcode\" data-id=\"6eb31a2\" data-element_type=\"widget\" data-e-type=\"widget\" data-widget_type=\"shortcode.default\">\n\t\t\t\t<div class=\"elementor-widget-container\">\n\t\t\t\t\t\t\t<div class=\"elementor-shortcode\">        <link rel=\"stylesheet\" href=\"https:\/\/educ.rec.br\/portaleducacao\/wp-content\/plugins\/seduc-services\/views\/seduc_services\/services_style.css\">\n\n                    <div class=\"service-main\">\n                <a href=\"https:\/\/prouniprotec.seduc.recife.br\/estudante\" target=\"_blank\" rel=\"noopener\">\n                    <div class=\"banner\">\n                        <img decoding=\"async\" class=\"banner-image\" alt=\"Inscreva-se Prouni e Protec\"\n                            title=\"Inscreva-se Prouni e Protec\"\n                            src=\"https:\/\/educ.rec.br\/portaleducacao\/wp-content\/uploads\/2026\/04\/botaoo-inscrevase.png\">\n                    <\/div>\n                <\/a>\n            <\/div>\n        \n        <div class=\"service-main\" id=\"services-div\">\n                            <a href=\"https:\/\/fundef.seduc.recife.br\/\" target=\"_blank\" rel=\"noopener\">\n                    <div class=\"service-card\">\n                        <img decoding=\"async\" alt=\"FUNDEF Recife\" title=\"FUNDEF Recife\"\n                            src=\"https:\/\/educ.rec.br\/portaleducacao\/wp-content\/uploads\/2026\/04\/fundef-recife.png\">\n                        <span>FUNDEF Recife<\/span>\n                    <\/div>\n                <\/a>\n                            <a href=\"https:\/\/estudante.recife.pe.gov.br\/historicoaluno\" target=\"_blank\" rel=\"noopener\">\n                    <div class=\"service-card\">\n                        <img decoding=\"async\" alt=\"Jornada do Estudante\" title=\"Jornada do Estudante\"\n                            src=\"https:\/\/educ.rec.br\/portaleducacao\/wp-content\/uploads\/2024\/12\/jornada.png\">\n                        <span>Jornada do Estudante<\/span>\n                    <\/div>\n                <\/a>\n                            <a href=\"https:\/\/educ.rec.br\/portaleducacao\/index.php\/programa-primeiras-letras\/\" target=\"_blank\" rel=\"noopener\">\n                    <div class=\"service-card\">\n                        <img decoding=\"async\" alt=\"Programa Primeiras Letras\" title=\"Programa Primeiras Letras\"\n                            src=\"https:\/\/educ.rec.br\/portaleducacao\/wp-content\/uploads\/2026\/03\/v1-1.png\">\n                        <span>Programa Primeiras Letras<\/span>\n                    <\/div>\n                <\/a>\n                            <a href=\"https:\/\/drive.google.com\/file\/d\/1MT-qFP7PscEMOEvf4ZKL69kbupS1ODrP\/view\" target=\"_blank\" rel=\"noopener\">\n                    <div class=\"service-card\">\n                        <img decoding=\"async\" alt=\"Balan\u00e7o da Educa\u00e7\u00e3o 2025\" title=\"Balan\u00e7o da Educa\u00e7\u00e3o 2025\"\n                            src=\"https:\/\/educ.rec.br\/portaleducacao\/wp-content\/uploads\/2026\/01\/Balanco-2025-1.png\">\n                        <span>Balan\u00e7o da Educa\u00e7\u00e3o 2025<\/span>\n                    <\/div>\n                <\/a>\n                            <a href=\"https:\/\/educ.rec.br\/portaleducacao\/index.php\/caminho-seguro\/\" target=\"_blank\" rel=\"noopener\">\n                    <div class=\"service-card\">\n                        <img decoding=\"async\" alt=\"Caminho Seguro\" title=\"Caminho Seguro\"\n                            src=\"https:\/\/educ.rec.br\/portaleducacao\/wp-content\/uploads\/2025\/10\/study-1.png\">\n                        <span>Caminho Seguro<\/span>\n                    <\/div>\n                <\/a>\n                            <a href=\"https:\/\/educ.rec.br\/portaleducacao\/index.php\/cae-recife\/\" target=\"_blank\" rel=\"noopener\">\n                    <div class=\"service-card\">\n                        <img decoding=\"async\" alt=\"CAE RECIFE\" title=\"CAE RECIFE\"\n                            src=\"https:\/\/educ.rec.br\/portaleducacao\/wp-content\/uploads\/2025\/06\/cae-recife.png\">\n                        <span>CAE RECIFE<\/span>\n                    <\/div>\n                <\/a>\n                    <\/div>\n\n        <div class=\"more-services-btn\">\n            <a href=\"https:\/\/educ.rec.br\/portaleducacao\/index.php\/inicio\/servicos\/\">\n                <button type=\"button\">Mais servi\u00e7os<\/button>\n            <\/a>\n        <\/div>\n        <\/div>\n\t\t\t\t\t\t<\/div>\n\t\t\t\t<\/div>\n\t\t\t\t<\/div>\n\t\t\t\t<\/div>\n\t\t<div class=\"elementor-element elementor-element-acfaba1 e-con-full e-flex wpr-particle-no wpr-jarallax-no wpr-parallax-no wpr-sticky-section-no e-con e-parent\" data-id=\"acfaba1\" data-element_type=\"container\" data-e-type=\"container\">\n\t\t\t\t<div class=\"elementor-element elementor-element-2aa42ae elementor-widget elementor-widget-spacer\" data-id=\"2aa42ae\" data-element_type=\"widget\" data-e-type=\"widget\" data-widget_type=\"spacer.default\">\n\t\t\t\t<div class=\"elementor-widget-container\">\n\t\t\t\t\t\t\t<div class=\"elementor-spacer\">\n\t\t\t<div class=\"elementor-spacer-inner\"><\/div>\n\t\t<\/div>\n\t\t\t\t\t\t<\/div>\n\t\t\t\t<\/div>\n\t\t\t\t<\/div>\n\t\t<div class=\"elementor-element elementor-element-bb18586 e-con-full e-flex wpr-particle-no wpr-jarallax-no wpr-parallax-no wpr-sticky-section-no e-con e-parent\" data-id=\"bb18586\" data-element_type=\"container\" data-e-type=\"container\" data-settings=\"{&quot;background_background&quot;:&quot;classic&quot;}\">\n\t\t<div class=\"elementor-element elementor-element-fbf6081 e-con-full e-flex wpr-particle-no wpr-jarallax-no wpr-parallax-no wpr-sticky-section-no e-con e-child\" data-id=\"fbf6081\" data-element_type=\"container\" data-e-type=\"container\">\n\t\t\t\t<div class=\"elementor-element elementor-element-75bd11c elementor-widget elementor-widget-html\" data-id=\"75bd11c\" data-element_type=\"widget\" data-e-type=\"widget\" data-widget_type=\"html.default\">\n\t\t\t\t<div class=\"elementor-widget-container\">\n\t\t\t\t\t<style>\r\n\r\n@media screen and ( max-height: 800px ) {\r\n    .noticias-heading{\r\n        margin: 10px;\r\n        margin-right: 10px;\r\n        margin-left: 10px;\r\n    }\r\n}\r\n    .noticias-heading-line{\r\n        background: rgb(184,57,46);\r\n        background: linear-gradient(90deg, rgba(184,57,46,1) 10%, rgba(255,255,255,1) 10%);\r\n        height: 6px;\r\n        border-radius: 10px; \r\n        border: solid #DBDBDB 2px;\r\n        border-top: 0px;\r\n        border-left: 0px;\r\n        border-right: 0px;\r\n    }\r\n    .noticias-heading{\r\n        margin: 10px;\r\n        margin-right: 15%;\r\n        margin-left: 15%;\r\n    }\r\n    .noticias-title{\r\n        display: flex;\r\n        justify-content: space-between;\r\n        align-items: first baseline;\r\n        margin-bottom: 0px;\r\n        font-family: 'br omny'\r\n    }\r\n    \r\n     .noticias-title h1{\r\n         font-family: 'br omny'\r\n     }\r\n\r\n    .noticias-button{\r\n        background-color: white;\r\n        color:#B8392E;  \r\n        border-radius: 5px;\r\n        margin: 5px;\r\n    }\r\n\r\n<\/style>\r\n<div class=\"noticias-heading\">\r\n    <div class=\"noticias-title\">\r\n        <h1 style=\"color: white;\"><b>Not\u00edcias<\/b><\/h1>\r\n        <a href=\"https:\/\/educ.rec.br\/portaleducacao\/index.php\/inicio\/noticias\/\">\r\n            <button class=\"noticias-button\">Mais Not\u00edcias<\/button>\r\n        <\/a>\r\n    <\/div>\r\n    <div class=\"noticias-heading-line\"><\/div>\r\n<\/div>\t\t\t\t<\/div>\n\t\t\t\t<\/div>\n\t\t\t\t<div class=\"elementor-element elementor-element-77e10ed elementor-widget elementor-widget-shortcode\" data-id=\"77e10ed\" data-element_type=\"widget\" data-e-type=\"widget\" data-widget_type=\"shortcode.default\">\n\t\t\t\t<div class=\"elementor-widget-container\">\n\t\t\t\t\t\t\t<div class=\"elementor-shortcode\"><link rel='stylesheet' href='https:\/\/educ.rec.br\/portaleducacao\/wp-content\/plugins\/portaleducacao-post-grid\/assets\/style.css'><div id='pepp-noticias' class='pepp-post-grid'>\n                    <a href='https:\/\/educ.rec.br\/portaleducacao\/index.php\/2026\/04\/29\/educacao-que-floresce-no-cuidado-nova-sede-da-emti-hospitalar-semear-e-inaugurada-no-hospital-da-crianca-do-recife\/'>\n                        <div class='pepp-post-card'>\n                            <img class='pepp-post-card-thumb' src='https:\/\/educ.rec.br\/portaleducacao\/wp-content\/uploads\/2026\/04\/KLEYVSON_SANTOS-1368-scaled.jpg'>\n                            <div class='pepp-card-content'>\n                                <div>\n                                    <span class='pepp-date-span'>29\/04\/2026<\/span>\n                                    <span class='text-limit-title post-card-title'>EDUCA\u00c7\u00c3O QUE FLORESCE NO CUIDADO: nova sede da EMTI Hospitalar Semear \u00e9 inaugurada no Hospital da Crian\u00e7a do Recife<\/span>\n                                    <span class='text-limit post-card-excerpt'>Com a entrega, o Recife amplia o atendimento para cinco classes hospitalares e garante continuidade escolar de crian\u00e7as em tratamento. Fotos: Kleyvson Santos\/PCR\n\n\n<\/span>\n                                <\/div>\n                            <\/div>\n                        <\/div>\n                    <\/a>\n                \n                    <a href='https:\/\/educ.rec.br\/portaleducacao\/index.php\/2026\/04\/28\/prefeitura-do-recife-avanca-na-construcao-de-nova-creche-em-campo-grande\/'>\n                        <div class='pepp-post-card'>\n                            <img class='pepp-post-card-thumb' src='https:\/\/educ.rec.br\/portaleducacao\/wp-content\/uploads\/2026\/04\/KLEYVSON_SANTOS-2736-scaled.jpg'>\n                            <div class='pepp-card-content'>\n                                <div>\n                                    <span class='pepp-date-span'>28\/04\/2026<\/span>\n                                    <span class='text-limit-title post-card-title'>Prefeitura do Recife avan\u00e7a na constru\u00e7\u00e3o de nova creche em Campo Grande<\/span>\n                                    <span class='text-limit post-card-excerpt'>Com investimentos de R$ 2,76 milh\u00f5es, unidade ter\u00e1 capacidade de atender at\u00e9 246 crian\u00e7as. Fotos: Kleyvson Santos\/PCR<\/span>\n                                <\/div>\n                            <\/div>\n                        <\/div>\n                    <\/a>\n                \n                    <a href='https:\/\/educ.rec.br\/portaleducacao\/index.php\/2026\/04\/23\/recife-realiza-acoes-de-combate-ao-bullying-e-promove-cultura-de-paz-nas-escolas-municipais\/'>\n                        <div class='pepp-post-card'>\n                            <img class='pepp-post-card-thumb' src='https:\/\/educ.rec.br\/portaleducacao\/wp-content\/uploads\/2026\/04\/KLEYVSON_SANTOS-314-scaled.jpg'>\n                            <div class='pepp-card-content'>\n                                <div>\n                                    <span class='pepp-date-span'>23\/04\/2026<\/span>\n                                    <span class='text-limit-title post-card-title'>Recife realiza a\u00e7\u00f5es de combate ao bullying e promove cultura de paz nas escolas municipais<\/span>\n                                    <span class='text-limit post-card-excerpt'>As a\u00e7\u00f5es de conscientiza\u00e7\u00e3o aconteceram ao longo de todo o m\u00eas de abril, engajando estudantes na promo\u00e7\u00e3o da cultura de paz e na preven\u00e7\u00e3o \u00e0 viol\u00eancia no ambiente escolar. Foto: Kleyvson Santos\/PCR\n<\/span>\n                                <\/div>\n                            <\/div>\n                        <\/div>\n                    <\/a>\n                \n                    <a href='https:\/\/educ.rec.br\/portaleducacao\/index.php\/2026\/04\/22\/projeto-passos-que-educam-leva-o-frevo-ao-cotidiano-escolar-do-recife\/'>\n                        <div class='pepp-post-card'>\n                            <img class='pepp-post-card-thumb' src='https:\/\/educ.rec.br\/portaleducacao\/wp-content\/uploads\/2026\/04\/KLEYVSON_SANTOS-63.jpg'>\n                            <div class='pepp-card-content'>\n                                <div>\n                                    <span class='pepp-date-span'>22\/04\/2026<\/span>\n                                    <span class='text-limit-title post-card-title'>Projeto Passos que Educam leva o frevo ao cotidiano escolar do Recife\u00a0<\/span>\n                                    <span class='text-limit post-card-excerpt'>Coordenado pelo N\u00facleo de Atividades Culturais, iniciativa integra dan\u00e7a, m\u00fasica e cultura popular ao processo de aprendizagem nas escolas da rede municipal\u00a0. Fotos: Kleyvson Santos\/PCR<\/span>\n                                <\/div>\n                            <\/div>\n                        <\/div>\n                    <\/a>\n                <\/div><\/div>\n\t\t\t\t\t\t<\/div>\n\t\t\t\t<\/div>\n\t\t\t\t<div class=\"elementor-element elementor-element-0cda6ea elementor-widget elementor-widget-html\" data-id=\"0cda6ea\" data-element_type=\"widget\" data-e-type=\"widget\" data-widget_type=\"html.default\">\n\t\t\t\t<div class=\"elementor-widget-container\">\n\t\t\t\t\t<script>\n    function manageVisibility() {\n  const posts = document.querySelectorAll(\".pepp-post-grid a\");\n  const windowWidth = window.innerWidth;\n\n  \/\/ Reset visibility of all items\n  posts.forEach(post => {\n    post.style.display = \"block\";\n  });\n\n  if (windowWidth <= 1480 && posts.length > 0) {\n    posts[posts.length - 1].style.display = \"none\"; \/\/ Hide the last item\n  }\n  \n  if (windowWidth <= 1117 && posts.length > 1) {\n    posts[posts.length - 1].style.display = \"none\"; \/\/ Hide the last item\n    posts[posts.length - 2].style.display = \"none\"; \/\/ Hide the second-to-last item\n  }\n}\n\n\/\/ Run on initial load\nmanageVisibility();\n\n\/\/ Add event listener to handle resize\nwindow.addEventListener(\"resize\", manageVisibility);\n\n<\/script>\t\t\t\t<\/div>\n\t\t\t\t<\/div>\n\t\t\t\t<\/div>\n\t\t\t\t<\/div>\n\t\t<div class=\"elementor-element elementor-element-8a3e3ac e-con-full e-flex wpr-particle-no wpr-jarallax-no wpr-parallax-no wpr-sticky-section-no e-con e-parent\" data-id=\"8a3e3ac\" data-element_type=\"container\" data-e-type=\"container\" data-settings=\"{&quot;background_background&quot;:&quot;classic&quot;}\">\n\t\t<div class=\"elementor-element elementor-element-b76ee2f e-con-full e-flex wpr-particle-no wpr-jarallax-no wpr-parallax-no wpr-sticky-section-no e-con e-child\" data-id=\"b76ee2f\" data-element_type=\"container\" data-e-type=\"container\">\n\t\t\t\t<div class=\"elementor-element elementor-element-f05db81 elementor-widget elementor-widget-html\" data-id=\"f05db81\" data-element_type=\"widget\" data-e-type=\"widget\" data-widget_type=\"html.default\">\n\t\t\t\t<div class=\"elementor-widget-container\">\n\t\t\t\t\t<head>\r\n    \r\n\r\n    \r\n    <style>\r\n\r\n@media screen and ( max-height: 800px ) {\r\n    .noticias-heading{\r\n        margin: 10px;\r\n        margin-right: 10px;\r\n        margin-left: 10px;\r\n    }\r\n}\r\n    .noticias-title{\r\n        display: flex;\r\n        justify-content: space-between;\r\n        align-items: first baseline;\r\n        margin-bottom: 0px;\r\n        font-family: 'br omny';\r\n        font-weight: 600px;\r\n    }\r\n     \r\n     .siga-nos-button{\r\n        border-radius: 15px;\r\n        padding-left: 50px;\r\n        padding-right: 50px;\r\n        display: flex;\r\n    }\r\n    \r\n    .img-button {\r\n        padding-left: 20px;\r\n        width: 45px !important;\r\n        height: 25px !important;\r\n        \r\n    }\r\n\r\n@media (max-width: 600px) {\r\n    .siga-nos-button{\r\n        border-radius: 15px;\r\n        padding-left: 25px;\r\n        padding-right: 25px;\r\n        display: flex;\r\n        align-items: center;\r\n    }\r\n    \r\n    .img-button {\r\n        display: flex\r\n        width: 20px !important;\r\n        height: 20px !important;\r\n    }\r\n}\r\n    \r\n<\/style>\r\n\r\n<\/head>\r\n\r\n<div class=\"noticias-heading\">\r\n    <div class=\"noticias-title\">\r\n        <h1 style=\"color: #0F57BF;\"><b>\u00daltimos Posts<\/b>\r\n    <\/h1><a href=\"https:\/\/www.instagram.com\/educacaorecife.oficial\/\">\r\n            <button class=\"siga-nos-button\"> Siga-nos<img decoding=\"async\" class=\"img-button\" src=\"https:\/\/educ.rec.br\/portaleducacao\/wp-content\/uploads\/2025\/01\/Vector.png\"><\/button>\r\n        <\/a>\r\n    <\/div>\r\n<\/div>\t\t\t\t<\/div>\n\t\t\t\t<\/div>\n\t\t\t\t<div class=\"elementor-element elementor-element-429c3cf elementor-widget elementor-widget-shortcode\" data-id=\"429c3cf\" data-element_type=\"widget\" data-e-type=\"widget\" data-widget_type=\"shortcode.default\">\n\t\t\t\t<div class=\"elementor-widget-container\">\n\t\t\t\t\t\t\t<div class=\"elementor-shortcode\"><link rel='stylesheet' href='https:\/\/educ.rec.br\/portaleducacao\/wp-content\/plugins\/instafeeds\/assets\/css\/index.css'><div id=\"instafeeds-container\"><div class=\"insta-card\" data-permalink=\"https:\/\/www.instagram.com\/reel\/DXuv8QNEvp_\/\">  <div class=\"insta-header\">\n                    <img decoding=\"async\" src=\"https:\/\/scontent.cdninstagram.com\/v\/t51.2885-19\/461954218_1212250850053641_8004172131230648228_n.jpg?stp=dst-jpg_s206x206_tt6&#038;_nc_cat=101&#038;ccb=7-5&#038;_nc_sid=bf7eb4&#038;efg=eyJ2ZW5jb2RlX3RhZyI6InByb2ZpbGVfcGljLnd3dy4xMDgwLkMzIn0%3D&#038;_nc_ohc=o0Q1UJQeJnoQ7kNvwEuXeaR&#038;_nc_oc=Adov88_MMAk2I2-aH3yZ14Ym7FVtiRu5AcqSNFSGSAWuHxpgq78JLM3WN6Fd1vO5OAM&#038;_nc_zt=24&#038;_nc_ht=scontent.cdninstagram.com&#038;edm=AP4hL3IEAAAA&#038;_nc_tpa=Q5bMBQFy7t4UADViTWtcgv12JB6OQbMDy_FRCGXj_OubsUrCjGUvj8oIME3zjnHxMbIBRNsCAk1ljy_W&#038;oh=00_Af7XOF0SmDaKX1AHKSo5idsqIl90VG6AF6gsXUWa_l9nSg&#038;oe=69FD5E9E\" alt=\"Foto de perfil\" class=\"insta-avatar\" \/>\n                    <div class=\"insta-header-info\">\n                        <p class=\"insta-user\">@educacaorecife.oficial<\/p>\n                        <p class=\"insta-date\">29\/04\/2026<\/p>\n                    <\/div>\n                <\/div>  <p class=\"insta-caption\">\ud83c\udf3c\ud83d\udcda Onde h\u00e1 cuidado, a educa\u00e7\u00e3o tamb\u00e9m floresce.\n\nA nova sede da EMTI Hospitalar Semear chega ao Hospital da Crian\u00e7a do Recife para garantir que, mesmo durante o tratamento, o direito de aprender continue vivo. \u2728\n\n\ud83d\udcda Aqui, a sala de aula se adapta ao aluno, respeita seu tempo, seu momento e transforma[...]<\/p><video controls><source src=\"https:\/\/instagram.fcau29-1.fna.fbcdn.net\/o1\/v\/t2\/f2\/m86\/AQPPiVIZuoMrf7ZKfqIgAMj-FtQG1B66A4UjBi7FaWXxJuJNGzEjFagJ5tzXSfJVzakg9CeM92VXurcqo_dGD_WVhVaFVm8pw_Wt6Yk.mp4?_nc_cat=111&#038;_nc_oc=AdoHQFNSqyL9c18n3kSo-PiKqXcHpoV1ZUyze-gYLpgO4H_JBxrG-DnvG3PbW3TZTA4&#038;_nc_sid=5e9851&#038;_nc_ht=instagram.fcau29-1.fna.fbcdn.net&#038;_nc_ohc=bninKDFeV1cQ7kNvwGKxVOG&#038;efg=eyJ2ZW5jb2RlX3RhZyI6Inhwdl9wcm9ncmVzc2l2ZS5JTlNUQUdSQU0uQ0xJUFMuQzMuNzIwLmRhc2hfYmFzZWxpbmVfMV92MSIsInhwdl9hc3NldF9pZCI6MTgwOTIxMTE0MDU1MjA0MDMsImFzc2V0X2FnZV9kYXlzIjozLCJ2aV91c2VjYXNlX2lkIjoxMDA5OSwiZHVyYXRpb25fcyI6OTQsInVybGdlbl9zb3VyY2UiOiJ3d3cifQ%3D%3D&#038;ccb=17-1&#038;vs=2d16d5ae99fb232&#038;_nc_vs=HBksFQIYUmlnX3hwdl9yZWVsc19wZXJtYW5lbnRfc3JfcHJvZC83NjRGQTMyRThENTMzNzUxNTlFQzE2NzY0NzY2RjNBNV92aWRlb19kYXNoaW5pdC5tcDQVAALIARIAFQIYUWlnX3hwdl9wbGFjZW1lbnRfcGVybWFuZW50X3YyLzExNDRBN0NERDA4N0RFMDhERTkyODZBOTA5QjZBNEIzX2F1ZGlvX2Rhc2hpbml0Lm1wNBUCAsgBEgAoABgAGwKIB3VzZV9vaWwBMRJwcm9ncmVzc2l2ZV9yZWNpcGUBMRUAACam2ICZvqujQBUCKAJDMywXQFexBiTdLxsYEmRhc2hfYmFzZWxpbmVfMV92MREAdf4HZeadAQA&#038;_nc_gid=JO5yqzJjVYQN96OvdV-ATw&#038;edm=ANo9K5cEAAAA&#038;_nc_zt=28&#038;_nc_tpa=Q5bMBQEOZxkozCniXp85K1iQR5YX7OUKrbWB9n40PQ600H7wiijsmmBAl7o0cEmdObOQHFRuYGPsP9ik&#038;oh=00_Af5c8-5Sase_dVQxb6cHfR5eUDbZijOdZMjQTutdBs5-ig&#038;oe=69F95304\" type=\"video\/mp4\"><\/video><\/div><div class=\"insta-card\" data-permalink=\"https:\/\/www.instagram.com\/p\/DXuZDphDa9X\/\">  <div class=\"insta-header\">\n                    <img decoding=\"async\" src=\"https:\/\/scontent.cdninstagram.com\/v\/t51.2885-19\/461954218_1212250850053641_8004172131230648228_n.jpg?stp=dst-jpg_s206x206_tt6&#038;_nc_cat=101&#038;ccb=7-5&#038;_nc_sid=bf7eb4&#038;efg=eyJ2ZW5jb2RlX3RhZyI6InByb2ZpbGVfcGljLnd3dy4xMDgwLkMzIn0%3D&#038;_nc_ohc=o0Q1UJQeJnoQ7kNvwEuXeaR&#038;_nc_oc=Adov88_MMAk2I2-aH3yZ14Ym7FVtiRu5AcqSNFSGSAWuHxpgq78JLM3WN6Fd1vO5OAM&#038;_nc_zt=24&#038;_nc_ht=scontent.cdninstagram.com&#038;edm=AP4hL3IEAAAA&#038;_nc_tpa=Q5bMBQFy7t4UADViTWtcgv12JB6OQbMDy_FRCGXj_OubsUrCjGUvj8oIME3zjnHxMbIBRNsCAk1ljy_W&#038;oh=00_Af7XOF0SmDaKX1AHKSo5idsqIl90VG6AF6gsXUWa_l9nSg&#038;oe=69FD5E9E\" alt=\"Foto de perfil\" class=\"insta-avatar\" \/>\n                    <div class=\"insta-header-info\">\n                        <p class=\"insta-user\">@educacaorecife.oficial<\/p>\n                        <p class=\"insta-date\">29\/04\/2026<\/p>\n                    <\/div>\n                <\/div>  <p class=\"insta-caption\">\ud83d\udc99Um encontro potente, necess\u00e1rio e profundamente inspirador marcou o semin\u00e1rio Artes e culturas ind\u00edgenas no Nordeste, reunindo vozes que carregam hist\u00f3ria, identidade e luta.\n\n\ud83c\udfebO encontro, que aconteceu na Escola de Forma\u00e7\u00e3o de Educadores do Recife Professor Paulo Freire, contou com a participa\u00e7\u00e3o [...]<\/p><div class=\"swiper post-carousel\"><div class=\"swiper-wrapper\"><div class=\"swiper-slide\"><img decoding=\"async\" src=\"https:\/\/scontent.cdninstagram.com\/v\/t51.82787-15\/684292502_18092072492520403_6520712853862921382_n.jpg?stp=dst-jpg_e35_tt6&#038;_nc_cat=106&#038;ccb=7-5&#038;_nc_sid=18de74&#038;efg=eyJlZmdfdGFnIjoiQ0FST1VTRUxfSVRFTS5iZXN0X2ltYWdlX3VybGdlbi5DMyJ9&#038;_nc_ohc=coZT_Kfi6O0Q7kNvwH8gd9e&#038;_nc_oc=AdrjrUSwvI0L37-ZTx_p8Y-0QdbLtOgNIfePcSoHA8fcoljSKzQDchjp2VZ-wjI1P-0&#038;_nc_zt=23&#038;_nc_ht=scontent.cdninstagram.com&#038;edm=ABbrh9MEAAAA&#038;_nc_gid=WEYCkX9G2A1CgYw7dvP71A&#038;_nc_tpa=Q5bMBQE9yZRAWNVZdh3Vk7VBoBr0mevfJpMCvHZtjvXvOZx2AGtkAAxf7s3D5LiAcjx-57CBpMS4a5yG&#038;oh=00_Af7fAub9ySR6RxitesZz-Y3jRiyosQqfifU-KpXM5cYpcg&#038;oe=69FD36DA\" alt=\"Imagem do carrossel\" \/><\/div><div class=\"swiper-slide\"><img decoding=\"async\" src=\"https:\/\/scontent.cdninstagram.com\/v\/t51.82787-15\/683257608_18092072480520403_1953282489885470196_n.jpg?stp=dst-jpg_e35_tt6&#038;_nc_cat=100&#038;ccb=7-5&#038;_nc_sid=18de74&#038;efg=eyJlZmdfdGFnIjoiQ0FST1VTRUxfSVRFTS5iZXN0X2ltYWdlX3VybGdlbi5DMyJ9&#038;_nc_ohc=qqtQheWiw-kQ7kNvwGce6uL&#038;_nc_oc=Adr2te66elroBVYanoX78ixzlE8JdK3rW1bIt73Xn3fB7pEGh-QNCXP8alObDOd1fKo&#038;_nc_zt=23&#038;_nc_ht=scontent.cdninstagram.com&#038;edm=ABbrh9MEAAAA&#038;_nc_gid=WEYCkX9G2A1CgYw7dvP71A&#038;_nc_tpa=Q5bMBQF34F9JyzjVaLXAth28dchKSPUM9P8dJ8DZqU6_evdnJmNsfqIw2f_bmC-rvpMd41g7ll89mFf0&#038;oh=00_Af4VXzwmEqDMujuoH_tp_7mMXhVqHt51JAns1ykIwwQS4A&#038;oe=69FD4A5D\" alt=\"Imagem do carrossel\" \/><\/div><div class=\"swiper-slide\"><img decoding=\"async\" src=\"https:\/\/scontent.cdninstagram.com\/v\/t51.82787-15\/686485072_18092072483520403_2687072927474713093_n.jpg?stp=dst-jpg_e35_tt6&#038;_nc_cat=106&#038;ccb=7-5&#038;_nc_sid=18de74&#038;efg=eyJlZmdfdGFnIjoiQ0FST1VTRUxfSVRFTS5iZXN0X2ltYWdlX3VybGdlbi5DMyJ9&#038;_nc_ohc=RWI-xrXIYscQ7kNvwFP5pCI&#038;_nc_oc=AdqZqfZF-jN1lewUUrZLoD4qAYeKTIQM1vvOvFdKL2J20iWRq9Izsx5OUwkRvyeSmCI&#038;_nc_zt=23&#038;_nc_ht=scontent.cdninstagram.com&#038;edm=ABbrh9MEAAAA&#038;_nc_gid=WEYCkX9G2A1CgYw7dvP71A&#038;_nc_tpa=Q5bMBQE-HqTWGIlF2HEHIDlzZk8UJJSt0EFb-t-NRItizZP6dAIgeelE80kCRTf1A_7CtBMziQnEudDb&#038;oh=00_Af4mvoYHIOmZ0lwf0Sx7v1UR2deU0T4Wee-42DNEaVQL1A&#038;oe=69FD5DAF\" alt=\"Imagem do carrossel\" \/><\/div><div class=\"swiper-slide\"><img decoding=\"async\" src=\"https:\/\/scontent.cdninstagram.com\/v\/t51.82787-15\/682652702_18092072456520403_1845953159746505219_n.jpg?stp=dst-jpg_e35_tt6&#038;_nc_cat=108&#038;ccb=7-5&#038;_nc_sid=18de74&#038;efg=eyJlZmdfdGFnIjoiQ0FST1VTRUxfSVRFTS5iZXN0X2ltYWdlX3VybGdlbi5DMyJ9&#038;_nc_ohc=VkyDnti5XEsQ7kNvwHhpvP5&#038;_nc_oc=AdoBi-IB8EMJihwKRJ4gTUlLs63kCX-8Pe_cHKxSVhVxAXPdLozbKiVnymhYjqaLJ6I&#038;_nc_zt=23&#038;_nc_ht=scontent.cdninstagram.com&#038;edm=ABbrh9MEAAAA&#038;_nc_gid=WEYCkX9G2A1CgYw7dvP71A&#038;_nc_tpa=Q5bMBQG8x3zXqbJ9BxuNXBucTpR0HWJoQBgPT3JPvMaqQKYswx7YKdfxhTr3XH4qEd6A_eW8hJsmHA0D&#038;oh=00_Af4BvQ5fY_kzXew_fohqXAP0FGFSvtDMvyB3Ihm40Jwc4A&#038;oe=69FD40A4\" alt=\"Imagem do carrossel\" \/><\/div><div class=\"swiper-slide\"><img decoding=\"async\" src=\"https:\/\/scontent.cdninstagram.com\/v\/t51.82787-15\/684229728_18092072465520403_6973954747159794214_n.jpg?stp=dst-jpg_e35_tt6&#038;_nc_cat=103&#038;ccb=7-5&#038;_nc_sid=18de74&#038;efg=eyJlZmdfdGFnIjoiQ0FST1VTRUxfSVRFTS5iZXN0X2ltYWdlX3VybGdlbi5DMyJ9&#038;_nc_ohc=n8nZvhzB9kQQ7kNvwH_vi9W&#038;_nc_oc=AdrCA0ageQwm6otZjGXkUELI_1HdGYXJwvcWs9knm7sWXlrEiz2NRNiuxWUDr-C6SSE&#038;_nc_zt=23&#038;_nc_ht=scontent.cdninstagram.com&#038;edm=ABbrh9MEAAAA&#038;_nc_gid=WEYCkX9G2A1CgYw7dvP71A&#038;_nc_tpa=Q5bMBQHqrTpo1R6_ZKQAEwtHRI1C7c3J2baBPpY7rRXrPZOUePiQXktEeNFOj_mcbYsFWRwwUl1OuddJ&#038;oh=00_Af68aWSjM2Z2BGw8JgsD2SrmBCANY8XJLEdwjaxvZ6EUQA&#038;oe=69FD50E6\" alt=\"Imagem do carrossel\" \/><\/div><div class=\"swiper-slide\"><img decoding=\"async\" src=\"https:\/\/scontent.cdninstagram.com\/v\/t51.82787-15\/684210595_18092072447520403_3031727855114929614_n.jpg?stp=dst-jpg_e35_tt6&#038;_nc_cat=101&#038;ccb=7-5&#038;_nc_sid=18de74&#038;efg=eyJlZmdfdGFnIjoiQ0FST1VTRUxfSVRFTS5iZXN0X2ltYWdlX3VybGdlbi5DMyJ9&#038;_nc_ohc=KaJOlvultxMQ7kNvwFbDr3l&#038;_nc_oc=AdpCoMJzbILTUugogHL4jjPjZsEOA13T92c4jzlKDjVScofEytOZDZG13TBbzmHQwmI&#038;_nc_zt=23&#038;_nc_ht=scontent.cdninstagram.com&#038;edm=ABbrh9MEAAAA&#038;_nc_gid=WEYCkX9G2A1CgYw7dvP71A&#038;_nc_tpa=Q5bMBQEVE756P9NBVmingfbK6dbDTv1A48_sU6ChJTdOEESKJSBVkcIArBJf1i-_fEM31nxbPBi1wAol&#038;oh=00_Af6zMBMUOfxjoWG4HLKtfgC6PZL7LHhqSaLoR0Cp4beydQ&#038;oe=69FD3BE6\" alt=\"Imagem do carrossel\" \/><\/div><div class=\"swiper-slide\"><img decoding=\"async\" src=\"https:\/\/scontent.cdninstagram.com\/v\/t51.82787-15\/683516958_18092072501520403_4925848194129275572_n.jpg?stp=dst-jpg_e35_tt6&#038;_nc_cat=105&#038;ccb=7-5&#038;_nc_sid=18de74&#038;efg=eyJlZmdfdGFnIjoiQ0FST1VTRUxfSVRFTS5iZXN0X2ltYWdlX3VybGdlbi5DMyJ9&#038;_nc_ohc=TIffvgKI6WcQ7kNvwF6d6lh&#038;_nc_oc=AdodmHcuRzV8Smwmk3R_cl2MkQqpVfknfymbCACieeGTqy9JBYMdN7CVxOrzjqMaI-U&#038;_nc_zt=23&#038;_nc_ht=scontent.cdninstagram.com&#038;edm=ABbrh9MEAAAA&#038;_nc_gid=WEYCkX9G2A1CgYw7dvP71A&#038;_nc_tpa=Q5bMBQG3XIfvCYRlL4LKsaT2l9_8Pdql-KnlM-bVFGdheUhgvyMq8CWYeb9vB2_Ey1zluMcEIULNUiaa&#038;oh=00_Af6GvvTzyKTN2ZAnP8GYqRbLuoaqRtbcHiwk31pyE-BRig&#038;oe=69FD426B\" alt=\"Imagem do carrossel\" \/><\/div><div class=\"swiper-slide\"><img decoding=\"async\" src=\"https:\/\/scontent.cdninstagram.com\/v\/t51.82787-15\/682856631_18092072516520403_5276440630636937877_n.jpg?stp=dst-jpg_e35_tt6&#038;_nc_cat=104&#038;ccb=7-5&#038;_nc_sid=18de74&#038;efg=eyJlZmdfdGFnIjoiQ0FST1VTRUxfSVRFTS5iZXN0X2ltYWdlX3VybGdlbi5DMyJ9&#038;_nc_ohc=WEg-CspIuUoQ7kNvwGfpdf3&#038;_nc_oc=AdpPkX07hQr1GhfFxvYjXNPnifDsawThiM-3AU2uDId3XCBveXbUAIUOHnfY6Bn2D38&#038;_nc_zt=23&#038;_nc_ht=scontent.cdninstagram.com&#038;edm=ABbrh9MEAAAA&#038;_nc_gid=WEYCkX9G2A1CgYw7dvP71A&#038;_nc_tpa=Q5bMBQE_gC1o8FTmWBPDXlVgIYTmZaj7Ppw3XZx9czE-XpggcJnXlxtCMlNaYo1lkC9Ji012278dBOsA&#038;oh=00_Af6BW-roweZu2U43DtgoxOKXXjXx1adfS1pUO29iehrWZg&#038;oe=69FD3785\" alt=\"Imagem do carrossel\" \/><\/div><div class=\"swiper-slide\"><img decoding=\"async\" src=\"https:\/\/scontent.cdninstagram.com\/v\/t51.82787-15\/684206336_18092072534520403_2364533044333369942_n.jpg?stp=dst-jpg_e35_tt6&#038;_nc_cat=100&#038;ccb=7-5&#038;_nc_sid=18de74&#038;efg=eyJlZmdfdGFnIjoiQ0FST1VTRUxfSVRFTS5iZXN0X2ltYWdlX3VybGdlbi5DMyJ9&#038;_nc_ohc=wA-7rz5z8zsQ7kNvwHjVF4A&#038;_nc_oc=AdpkKHtKhs-ygcDwYY3-pA9NJf-7oeB8jY_d7u_IgxPGzeY4kFby-l3A1ZEpkthL_kw&#038;_nc_zt=23&#038;_nc_ht=scontent.cdninstagram.com&#038;edm=ABbrh9MEAAAA&#038;_nc_gid=WEYCkX9G2A1CgYw7dvP71A&#038;_nc_tpa=Q5bMBQEC4N1wYOuT-Lro_7mqYudCTtPUEKrOfq32yASezO1YKEo2_5x8IsCCNSHiAsEkjWX7Id-OIdjk&#038;oh=00_Af7L-A3s7AVDSRTnSmxOA_R-3OeHBEZ4JfZI0ZgI20mqGw&#038;oe=69FD36BA\" alt=\"Imagem do carrossel\" \/><\/div><div class=\"swiper-slide\"><img decoding=\"async\" src=\"https:\/\/scontent.cdninstagram.com\/v\/t51.82787-15\/683808317_18092072525520403_2843914667920818036_n.jpg?stp=dst-jpg_e35_tt6&#038;_nc_cat=101&#038;ccb=7-5&#038;_nc_sid=18de74&#038;efg=eyJlZmdfdGFnIjoiQ0FST1VTRUxfSVRFTS5iZXN0X2ltYWdlX3VybGdlbi5DMyJ9&#038;_nc_ohc=rFOgO3oMDrIQ7kNvwGPtOKR&#038;_nc_oc=AdpqK4GHGeLlc-QYcvQ7pXc6U4_oQcjh6audnyrwVaVRTUS77HkJoBbgbqBYQ1Oq0M0&#038;_nc_zt=23&#038;_nc_ht=scontent.cdninstagram.com&#038;edm=ABbrh9MEAAAA&#038;_nc_gid=WEYCkX9G2A1CgYw7dvP71A&#038;_nc_tpa=Q5bMBQExLctO_cju3eVh2Q8hjT8i1WMSe0_KvIj_x07OKty0zLqToxmwDkaglL3N6it2ieJiukQZt23T&#038;oh=00_Af4FI7nPhFba7MrX7ZVU1eDDUR4f1z_JwVnRLPiSzSx9BA&#038;oe=69FD3662\" alt=\"Imagem do carrossel\" \/><\/div><\/div><div class=\"swiper-button-next\"><\/div><div class=\"swiper-button-prev\"><\/div><\/div><\/div><div class=\"insta-card\" data-permalink=\"https:\/\/www.instagram.com\/p\/DXsIy6rFHAd\/\">  <div class=\"insta-header\">\n                    <img decoding=\"async\" src=\"https:\/\/scontent.cdninstagram.com\/v\/t51.2885-19\/461954218_1212250850053641_8004172131230648228_n.jpg?stp=dst-jpg_s206x206_tt6&#038;_nc_cat=101&#038;ccb=7-5&#038;_nc_sid=bf7eb4&#038;efg=eyJ2ZW5jb2RlX3RhZyI6InByb2ZpbGVfcGljLnd3dy4xMDgwLkMzIn0%3D&#038;_nc_ohc=o0Q1UJQeJnoQ7kNvwEuXeaR&#038;_nc_oc=Adov88_MMAk2I2-aH3yZ14Ym7FVtiRu5AcqSNFSGSAWuHxpgq78JLM3WN6Fd1vO5OAM&#038;_nc_zt=24&#038;_nc_ht=scontent.cdninstagram.com&#038;edm=AP4hL3IEAAAA&#038;_nc_tpa=Q5bMBQFy7t4UADViTWtcgv12JB6OQbMDy_FRCGXj_OubsUrCjGUvj8oIME3zjnHxMbIBRNsCAk1ljy_W&#038;oh=00_Af7XOF0SmDaKX1AHKSo5idsqIl90VG6AF6gsXUWa_l9nSg&#038;oe=69FD5E9E\" alt=\"Foto de perfil\" class=\"insta-avatar\" \/>\n                    <div class=\"insta-header-info\">\n                        <p class=\"insta-user\">@educacaorecife.oficial<\/p>\n                        <p class=\"insta-date\">28\/04\/2026<\/p>\n                    <\/div>\n                <\/div>  <p class=\"insta-caption\">\ud83d\udea8 \u00daltimos dias para mudar o seu futuro! \ud83d\udea8\n\n\ud83d\udcda A Prefeitura do Recife, por meio da Secretaria de Educa\u00e7\u00e3o, est\u00e1 na reta final das inscri\u00e7\u00f5es para o Prouni Recife e o Protec Recife. O prazo termina no dia 30 de abril.  Essa \u00e9 a sua \u00faltima chance de garantir uma vaga.\n\nS\u00e3o 260 bolsas integrais em cursos[...]<\/p><img decoding=\"async\" src=\"https:\/\/scontent.cdninstagram.com\/v\/t51.82787-15\/683646470_18091987451520403_1597128614391311010_n.jpg?stp=dst-jpg_e35_tt6&#038;_nc_cat=104&#038;ccb=7-5&#038;_nc_sid=18de74&#038;efg=eyJlZmdfdGFnIjoiRkVFRC5iZXN0X2ltYWdlX3VybGdlbi5DMyJ9&#038;_nc_ohc=ESzaB6u0RKEQ7kNvwGbkCLW&#038;_nc_oc=AdqUVTryrePyUB54nGUz-44a16InbP-259W8CKR03CsfvFWjN32IescbxekEgcxh8nE&#038;_nc_zt=23&#038;_nc_ht=scontent.cdninstagram.com&#038;edm=ANo9K5cEAAAA&#038;_nc_gid=JO5yqzJjVYQN96OvdV-ATw&#038;_nc_tpa=Q5bMBQGCwAFQZXcfd4yPwNOyIky_LlBVaBXMJUyOC1EloWq5PysNPldrnKuyZNOx_K-CDmVNcwIBZ0PY&#038;oh=00_Af5vKUGNgOxFXB7fwssXrEsYTXaDYKG_O-GS__FNMa_X4g&#038;oe=69FD411C\" alt=\"Imagem do post\" \/><\/div><\/div><\/div>\n\t\t\t\t\t\t<\/div>\n\t\t\t\t<\/div>\n\t\t<div class=\"elementor-element elementor-element-264db7a7 elementor-hidden-desktop elementor-hidden-tablet elementor-hidden-mobile e-flex e-con-boxed wpr-particle-no wpr-jarallax-no wpr-parallax-no wpr-sticky-section-no e-con e-child\" data-id=\"264db7a7\" data-element_type=\"container\" data-e-type=\"container\">\n\t\t\t\t\t<div class=\"e-con-inner\">\n\t\t<div class=\"elementor-element elementor-element-4d6e320c e-con-full e-flex wpr-particle-no wpr-jarallax-no wpr-parallax-no wpr-sticky-section-no e-con e-child\" data-id=\"4d6e320c\" data-element_type=\"container\" data-e-type=\"container\" id=\"pepp-post-card\">\n\t\t<div class=\"elementor-element elementor-element-7ff3c23 e-flex e-con-boxed wpr-particle-no wpr-jarallax-no wpr-parallax-no wpr-sticky-section-no e-con e-child\" data-id=\"7ff3c23\" data-element_type=\"container\" data-e-type=\"container\">\n\t\t\t\t\t<div class=\"e-con-inner\">\n\t\t\t\t<div class=\"elementor-element elementor-element-798b6a24 elementor-widget elementor-widget-image\" data-id=\"798b6a24\" data-element_type=\"widget\" data-e-type=\"widget\" data-widget_type=\"image.default\">\n\t\t\t\t<div class=\"elementor-widget-container\">\n\t\t\t\t\t\t\t\t\t\t\t\t\t\t\t<img decoding=\"async\" width=\"50\" height=\"50\" src=\"https:\/\/educ.rec.br\/portaleducacao\/wp-content\/uploads\/2025\/01\/image-1.png\" class=\"attachment-large size-large wp-image-4032\" alt=\"\" \/>\t\t\t\t\t\t\t\t\t\t\t\t\t\t\t<\/div>\n\t\t\t\t<\/div>\n\t\t<div class=\"elementor-element elementor-element-643828fe e-con-full e-flex wpr-particle-no wpr-jarallax-no wpr-parallax-no wpr-sticky-section-no e-con e-child\" data-id=\"643828fe\" data-element_type=\"container\" data-e-type=\"container\">\n\t\t\t\t<div class=\"elementor-element elementor-element-4c954223 elementor-widget elementor-widget-heading\" data-id=\"4c954223\" data-element_type=\"widget\" data-e-type=\"widget\" data-widget_type=\"heading.default\">\n\t\t\t\t<div class=\"elementor-widget-container\">\n\t\t\t\t\t<h2 class=\"elementor-heading-title elementor-size-default\">@educacaorecife.oficial<\/h2>\t\t\t\t<\/div>\n\t\t\t\t<\/div>\n\t\t\t\t<div class=\"elementor-element elementor-element-7dc4ce7a elementor-widget elementor-widget-heading\" data-id=\"7dc4ce7a\" data-element_type=\"widget\" data-e-type=\"widget\" data-widget_type=\"heading.default\">\n\t\t\t\t<div class=\"elementor-widget-container\">\n\t\t\t\t\t<h2 class=\"elementor-heading-title elementor-size-default\">07\/02\/2025<\/h2>\t\t\t\t<\/div>\n\t\t\t\t<\/div>\n\t\t\t\t<\/div>\n\t\t\t\t\t<\/div>\n\t\t\t\t<\/div>\n\t\t\t\t<div class=\"elementor-element elementor-element-7de29f99 elementor-widget elementor-widget-text-editor\" data-id=\"7de29f99\" data-element_type=\"widget\" data-e-type=\"widget\" data-widget_type=\"text-editor.default\">\n\t\t\t\t<div class=\"elementor-widget-container\">\n\t\t\t\t\t\t\t\t\t<p>\ud83d\udcdaNesta sexta-feira (7), no bairro da Mangabeira, zona norte da cidade, a Prefeitura do Recife e a Secretaria de Educa\u00e7\u00e3o entregaram o primeiro Complexo Educacional totalmente integral da Rede Municipal. Com capacidade de atender cerca de 970 estudantes, desde o ber\u00e7\u00e1rio at\u00e9 o 9\u00ba ano do ensino fundamental, o complexo re\u00fane em um \u00fanico terreno uma Creche Escola &#8211; tamb\u00e9m inaugurada nesta sexta -, uma escola de tempo integral e uma quadra poliesportiva.<\/p>\t\t\t\t\t\t\t\t<\/div>\n\t\t\t\t<\/div>\n\t\t\t\t<div class=\"elementor-element elementor-element-37b8f54f elementor-widget elementor-widget-image\" data-id=\"37b8f54f\" data-element_type=\"widget\" data-e-type=\"widget\" id=\"post-img\" data-widget_type=\"image.default\">\n\t\t\t\t<div class=\"elementor-widget-container\">\n\t\t\t\t\t\t\t\t\t\t\t\t\t\t\t<img fetchpriority=\"high\" decoding=\"async\" width=\"2560\" height=\"1707\" src=\"https:\/\/educ.rec.br\/portaleducacao\/wp-content\/uploads\/2025\/02\/img_1154_1-scaled.jpg\" class=\"attachment-full size-full wp-image-4266\" alt=\"\" srcset=\"https:\/\/educ.rec.br\/portaleducacao\/wp-content\/uploads\/2025\/02\/img_1154_1-scaled.jpg 2560w, https:\/\/educ.rec.br\/portaleducacao\/wp-content\/uploads\/2025\/02\/img_1154_1-300x200.jpg 300w, https:\/\/educ.rec.br\/portaleducacao\/wp-content\/uploads\/2025\/02\/img_1154_1-1024x683.jpg 1024w, https:\/\/educ.rec.br\/portaleducacao\/wp-content\/uploads\/2025\/02\/img_1154_1-768x512.jpg 768w, https:\/\/educ.rec.br\/portaleducacao\/wp-content\/uploads\/2025\/02\/img_1154_1-1536x1024.jpg 1536w, https:\/\/educ.rec.br\/portaleducacao\/wp-content\/uploads\/2025\/02\/img_1154_1-2048x1365.jpg 2048w, https:\/\/educ.rec.br\/portaleducacao\/wp-content\/uploads\/2025\/02\/elementor\/thumbs\/img_1154_1-scaled-r1b6ehe0gqm87wm3l02qiajcgfdhuom1avg1ikjw9c.jpg 1500w\" sizes=\"(max-width: 2560px) 100vw, 2560px\" \/>\t\t\t\t\t\t\t\t\t\t\t\t\t\t\t<\/div>\n\t\t\t\t<\/div>\n\t\t\t\t<\/div>\n\t\t<div class=\"elementor-element elementor-element-611b5454 e-con-full e-flex wpr-particle-no wpr-jarallax-no wpr-parallax-no wpr-sticky-section-no e-con e-child\" data-id=\"611b5454\" data-element_type=\"container\" data-e-type=\"container\" id=\"pepp-post-card\">\n\t\t<div class=\"elementor-element elementor-element-4b1aed6b e-flex e-con-boxed wpr-particle-no wpr-jarallax-no wpr-parallax-no wpr-sticky-section-no e-con e-child\" data-id=\"4b1aed6b\" data-element_type=\"container\" data-e-type=\"container\">\n\t\t\t\t\t<div class=\"e-con-inner\">\n\t\t\t\t<div class=\"elementor-element elementor-element-58dc1e10 elementor-widget elementor-widget-image\" data-id=\"58dc1e10\" data-element_type=\"widget\" data-e-type=\"widget\" data-widget_type=\"image.default\">\n\t\t\t\t<div class=\"elementor-widget-container\">\n\t\t\t\t\t\t\t\t\t\t\t\t\t\t\t<img decoding=\"async\" width=\"50\" height=\"50\" src=\"https:\/\/educ.rec.br\/portaleducacao\/wp-content\/uploads\/2025\/01\/image-1.png\" class=\"attachment-large size-large wp-image-4032\" alt=\"\" \/>\t\t\t\t\t\t\t\t\t\t\t\t\t\t\t<\/div>\n\t\t\t\t<\/div>\n\t\t<div class=\"elementor-element elementor-element-2f8027e9 e-con-full e-flex wpr-particle-no wpr-jarallax-no wpr-parallax-no wpr-sticky-section-no e-con e-child\" data-id=\"2f8027e9\" data-element_type=\"container\" data-e-type=\"container\">\n\t\t\t\t<div class=\"elementor-element elementor-element-73bda97c elementor-widget elementor-widget-heading\" data-id=\"73bda97c\" data-element_type=\"widget\" data-e-type=\"widget\" data-widget_type=\"heading.default\">\n\t\t\t\t<div class=\"elementor-widget-container\">\n\t\t\t\t\t<h2 class=\"elementor-heading-title elementor-size-default\">@educacaorecife.oficial<\/h2>\t\t\t\t<\/div>\n\t\t\t\t<\/div>\n\t\t\t\t<div class=\"elementor-element elementor-element-15bc48a9 elementor-widget elementor-widget-heading\" data-id=\"15bc48a9\" data-element_type=\"widget\" data-e-type=\"widget\" data-widget_type=\"heading.default\">\n\t\t\t\t<div class=\"elementor-widget-container\">\n\t\t\t\t\t<h2 class=\"elementor-heading-title elementor-size-default\">03\/02\/2025<\/h2>\t\t\t\t<\/div>\n\t\t\t\t<\/div>\n\t\t\t\t<\/div>\n\t\t\t\t\t<\/div>\n\t\t\t\t<\/div>\n\t\t\t\t<div class=\"elementor-element elementor-element-7f6c01be elementor-widget elementor-widget-text-editor\" data-id=\"7f6c01be\" data-element_type=\"widget\" data-e-type=\"widget\" data-widget_type=\"text-editor.default\">\n\t\t\t\t<div class=\"elementor-widget-container\">\n\t\t\t\t\t\t\t\t\t<p>\ud83d\udcdaEduca\u00e7\u00e3o, Meio Ambiente e Sustentabilidade: tecendo pr\u00e1ticas para a constru\u00e7\u00e3o de uma sociedade consciente. Este \u00e9 o tema escolhido pela comunidade escolar para o ano letivo de 2025, que come\u00e7ou oficialmente nesta segunda-feira (3). Para o acolhimento de mais de 9 mil profissionais da educa\u00e7\u00e3o, a Prefeitura do Recife promoveu um ciclo de palestras com as presen\u00e7as do escritor Leonardo Boff e do poeta Jessier Quirino. Os estudantes da Rede Municipal de Ensino do Recife retornam \u00e0s salas de aula na pr\u00f3xima quarta-feira (5).<\/p>\t\t\t\t\t\t\t\t<\/div>\n\t\t\t\t<\/div>\n\t\t\t\t<div class=\"elementor-element elementor-element-15cac899 elementor-widget elementor-widget-image\" data-id=\"15cac899\" data-element_type=\"widget\" data-e-type=\"widget\" id=\"post-img\" data-widget_type=\"image.default\">\n\t\t\t\t<div class=\"elementor-widget-container\">\n\t\t\t\t\t\t\t\t\t\t\t\t\t\t\t<img decoding=\"async\" width=\"2560\" height=\"1707\" src=\"https:\/\/educ.rec.br\/portaleducacao\/wp-content\/uploads\/2025\/02\/img_0332-scaled.jpg\" class=\"attachment-full size-full wp-image-4313\" alt=\"\" srcset=\"https:\/\/educ.rec.br\/portaleducacao\/wp-content\/uploads\/2025\/02\/img_0332-scaled.jpg 2560w, https:\/\/educ.rec.br\/portaleducacao\/wp-content\/uploads\/2025\/02\/img_0332-300x200.jpg 300w, https:\/\/educ.rec.br\/portaleducacao\/wp-content\/uploads\/2025\/02\/img_0332-1024x683.jpg 1024w, https:\/\/educ.rec.br\/portaleducacao\/wp-content\/uploads\/2025\/02\/img_0332-768x512.jpg 768w, https:\/\/educ.rec.br\/portaleducacao\/wp-content\/uploads\/2025\/02\/img_0332-50x33.jpg 50w, https:\/\/educ.rec.br\/portaleducacao\/wp-content\/uploads\/2025\/02\/img_0332-1600x1067.jpg 1600w, https:\/\/educ.rec.br\/portaleducacao\/wp-content\/uploads\/2025\/02\/img_0332-1536x1024.jpg 1536w, https:\/\/educ.rec.br\/portaleducacao\/wp-content\/uploads\/2025\/02\/img_0332-2048x1365.jpg 2048w\" sizes=\"(max-width: 2560px) 100vw, 2560px\" \/>\t\t\t\t\t\t\t\t\t\t\t\t\t\t\t<\/div>\n\t\t\t\t<\/div>\n\t\t\t\t<\/div>\n\t\t<div class=\"elementor-element elementor-element-437cf838 e-con-full e-flex wpr-particle-no wpr-jarallax-no wpr-parallax-no wpr-sticky-section-no e-con e-child\" data-id=\"437cf838\" data-element_type=\"container\" data-e-type=\"container\" id=\"pepp-post-card\">\n\t\t<div class=\"elementor-element elementor-element-18237833 e-flex e-con-boxed wpr-particle-no wpr-jarallax-no wpr-parallax-no wpr-sticky-section-no e-con e-child\" data-id=\"18237833\" data-element_type=\"container\" data-e-type=\"container\">\n\t\t\t\t\t<div class=\"e-con-inner\">\n\t\t\t\t<div class=\"elementor-element elementor-element-3e365f7a elementor-widget elementor-widget-image\" data-id=\"3e365f7a\" data-element_type=\"widget\" data-e-type=\"widget\" data-widget_type=\"image.default\">\n\t\t\t\t<div class=\"elementor-widget-container\">\n\t\t\t\t\t\t\t\t\t\t\t\t\t\t\t<img decoding=\"async\" width=\"50\" height=\"50\" src=\"https:\/\/educ.rec.br\/portaleducacao\/wp-content\/uploads\/2025\/01\/image-1.png\" class=\"attachment-large size-large wp-image-4032\" alt=\"\" \/>\t\t\t\t\t\t\t\t\t\t\t\t\t\t\t<\/div>\n\t\t\t\t<\/div>\n\t\t<div class=\"elementor-element elementor-element-4210c9c5 e-con-full e-flex wpr-particle-no wpr-jarallax-no wpr-parallax-no wpr-sticky-section-no e-con e-child\" data-id=\"4210c9c5\" data-element_type=\"container\" data-e-type=\"container\">\n\t\t\t\t<div class=\"elementor-element elementor-element-1ddbb67b elementor-widget elementor-widget-heading\" data-id=\"1ddbb67b\" data-element_type=\"widget\" data-e-type=\"widget\" data-widget_type=\"heading.default\">\n\t\t\t\t<div class=\"elementor-widget-container\">\n\t\t\t\t\t<h2 class=\"elementor-heading-title elementor-size-default\">@educacaorecife.oficial<\/h2>\t\t\t\t<\/div>\n\t\t\t\t<\/div>\n\t\t\t\t<div class=\"elementor-element elementor-element-428fc068 elementor-widget elementor-widget-heading\" data-id=\"428fc068\" data-element_type=\"widget\" data-e-type=\"widget\" data-widget_type=\"heading.default\">\n\t\t\t\t<div class=\"elementor-widget-container\">\n\t\t\t\t\t<h2 class=\"elementor-heading-title elementor-size-default\">21\/01\/2025<\/h2>\t\t\t\t<\/div>\n\t\t\t\t<\/div>\n\t\t\t\t<\/div>\n\t\t\t\t\t<\/div>\n\t\t\t\t<\/div>\n\t\t\t\t<div class=\"elementor-element elementor-element-73e7bf25 elementor-widget elementor-widget-text-editor\" data-id=\"73e7bf25\" data-element_type=\"widget\" data-e-type=\"widget\" data-widget_type=\"text-editor.default\">\n\t\t\t\t<div class=\"elementor-widget-container\">\n\t\t\t\t\t\t\t\t\t<p>\ud83c\udfadA alegria tomou conta da Concha Ac\u00fastica da Universidade Federal de Pernambuco (UFPE) nesta segunda-feira (20), com a abertura da Col\u00f4nia de F\u00e9rias do N\u00facleo de Atividades Culturais (NAC), promovida pela Prefeitura do Recife. O evento foi o pontap\u00e9 inicial de uma programa\u00e7\u00e3o repleta de atividades culturais e recreativas, garantindo divers\u00e3o e aprendizado para as crian\u00e7as da Rede Municipal de Ensino do Recife durante o per\u00edodo de f\u00e9rias escolares.<\/p>\t\t\t\t\t\t\t\t<\/div>\n\t\t\t\t<\/div>\n\t\t\t\t<div class=\"elementor-element elementor-element-30c5e27 elementor-widget elementor-widget-image\" data-id=\"30c5e27\" data-element_type=\"widget\" data-e-type=\"widget\" id=\"post-img\" data-widget_type=\"image.default\">\n\t\t\t\t<div class=\"elementor-widget-container\">\n\t\t\t\t\t\t\t\t\t\t\t\t\t\t\t<img loading=\"lazy\" decoding=\"async\" width=\"2560\" height=\"1920\" src=\"https:\/\/educ.rec.br\/portaleducacao\/wp-content\/uploads\/2024\/11\/img_0285-scaled.jpg\" class=\"attachment-full size-full wp-image-2753\" alt=\"\" srcset=\"https:\/\/educ.rec.br\/portaleducacao\/wp-content\/uploads\/2024\/11\/img_0285-scaled.jpg 2560w, https:\/\/educ.rec.br\/portaleducacao\/wp-content\/uploads\/2024\/11\/img_0285-300x225.jpg 300w, https:\/\/educ.rec.br\/portaleducacao\/wp-content\/uploads\/2024\/11\/img_0285-1024x768.jpg 1024w, https:\/\/educ.rec.br\/portaleducacao\/wp-content\/uploads\/2024\/11\/img_0285-768x576.jpg 768w, https:\/\/educ.rec.br\/portaleducacao\/wp-content\/uploads\/2024\/11\/img_0285-1536x1152.jpg 1536w, https:\/\/educ.rec.br\/portaleducacao\/wp-content\/uploads\/2024\/11\/img_0285-2048x1536.jpg 2048w\" sizes=\"(max-width: 2560px) 100vw, 2560px\" \/>\t\t\t\t\t\t\t\t\t\t\t\t\t\t\t<\/div>\n\t\t\t\t<\/div>\n\t\t\t\t<\/div>\n\t\t\t\t\t<\/div>\n\t\t\t\t<\/div>\n\t\t\t\t<div class=\"elementor-element elementor-element-ecc85ac elementor-align-center ver-mais-btn elementor-widget__width-initial elementor-widget elementor-widget-button\" data-id=\"ecc85ac\" data-element_type=\"widget\" data-e-type=\"widget\" data-widget_type=\"button.default\">\n\t\t\t\t<div class=\"elementor-widget-container\">\n\t\t\t\t\t\t\t\t\t<div class=\"elementor-button-wrapper\">\n\t\t\t\t\t<a class=\"elementor-button elementor-button-link elementor-size-sm\" href=\"https:\/\/www.instagram.com\/educacaorecife.oficial\/\">\n\t\t\t\t\t\t<span class=\"elementor-button-content-wrapper\">\n\t\t\t\t\t\t<span class=\"elementor-button-icon\">\n\t\t\t\t<i aria-hidden=\"true\" class=\"fab fa-instagram\"><\/i>\t\t\t<\/span>\n\t\t\t\t\t\t\t\t\t<span class=\"elementor-button-text\">Ver Mais<\/span>\n\t\t\t\t\t<\/span>\n\t\t\t\t\t<\/a>\n\t\t\t\t<\/div>\n\t\t\t\t\t\t\t\t<\/div>\n\t\t\t\t<\/div>\n\t\t\t\t<\/div>\n\t\t\t\t<\/div>\n\t\t\t\t<\/div>\n\t\t","protected":false},"excerpt":{"rendered":"<p>More than 2 results are available in the PRO version (This notice is only visible to admin users) Di\u00e1rio Oficial do Munic\u00edpio Conselho Municipal de Educa\u00e7\u00e3o Plano Municipal de Educa\u00e7\u00e3o Escola de Forma\u00e7\u00e3o Professor Paulo Freire Escola do Governo da Cidade do Recife Portal da Transpar\u00eancia Not\u00edcias Mais Not\u00edcias \u00daltimos Posts Siga-nos @educacaorecife.oficial 07\/02\/2025 \ud83d\udcdaNesta sexta-feira (7), no bairro da Mangabeira, zona norte da cidade, a Prefeitura do Recife e a Secretaria de Educa\u00e7\u00e3o entregaram o primeiro Complexo Educacional totalmente integral da Rede Municipal. Com capacidade de atender cerca de 970 estudantes, desde o ber\u00e7\u00e1rio at\u00e9 o 9\u00ba ano do ensino fundamental, o complexo re\u00fane em um \u00fanico terreno uma Creche Escola &#8211; tamb\u00e9m inaugurada nesta sexta -, uma escola de tempo integral e uma quadra poliesportiva. @educacaorecife.oficial 03\/02\/2025 \ud83d\udcdaEduca\u00e7\u00e3o, Meio Ambiente e Sustentabilidade: tecendo pr\u00e1ticas para a constru\u00e7\u00e3o de uma sociedade consciente. Este \u00e9 o tema escolhido pela comunidade escolar para o ano letivo de 2025, que come\u00e7ou oficialmente nesta segunda-feira (3). Para o acolhimento de mais de 9 mil profissionais da educa\u00e7\u00e3o, a Prefeitura do Recife promoveu um ciclo de palestras com as presen\u00e7as do escritor Leonardo Boff e do poeta Jessier Quirino. Os estudantes da Rede Municipal de Ensino do Recife retornam \u00e0s salas de aula na pr\u00f3xima quarta-feira (5). @educacaorecife.oficial 21\/01\/2025 \ud83c\udfadA alegria tomou conta da Concha Ac\u00fastica da Universidade Federal de Pernambuco (UFPE) nesta segunda-feira (20), com a abertura da Col\u00f4nia de F\u00e9rias do N\u00facleo de Atividades Culturais (NAC), promovida pela Prefeitura do Recife. O evento foi o pontap\u00e9 inicial de uma programa\u00e7\u00e3o repleta de atividades culturais e recreativas, garantindo divers\u00e3o e aprendizado para as crian\u00e7as da Rede Municipal de Ensino do Recife durante o per\u00edodo de f\u00e9rias escolares. Ver Mais<\/p>\n","protected":false},"author":1,"featured_media":0,"parent":0,"menu_order":0,"comment_status":"closed","ping_status":"open","template":"","meta":{"site-sidebar-layout":"no-sidebar","site-content-layout":"page-builder","ast-site-content-layout":"default","site-content-style":"default","site-sidebar-style":"default","ast-global-header-display":"","ast-banner-title-visibility":"","ast-main-header-display":"","ast-hfb-above-header-display":"","ast-hfb-below-header-display":"","ast-hfb-mobile-header-display":"","site-post-title":"disabled","ast-breadcrumbs-content":"","ast-featured-img":"disabled","footer-sml-layout":"","ast-disable-related-posts":"","theme-transparent-header-meta":"","adv-header-id-meta":"","stick-header-meta":"","header-above-stick-meta":"","header-main-stick-meta":"","header-below-stick-meta":"","astra-migrate-meta-layouts":"default","ast-page-background-enabled":"default","ast-page-background-meta":{"desktop":{"background-color":"var(--ast-global-color-4)","background-image":"","background-repeat":"repeat","background-position":"center center","background-size":"auto","background-attachment":"scroll","background-type":"","background-media":"","overlay-type":"","overlay-color":"","overlay-opacity":"","overlay-gradient":""},"tablet":{"background-color":"","background-image":"","background-repeat":"repeat","background-position":"center center","background-size":"auto","background-attachment":"scroll","background-type":"","background-media":"","overlay-type":"","overlay-color":"","overlay-opacity":"","overlay-gradient":""},"mobile":{"background-color":"","background-image":"","background-repeat":"repeat","background-position":"center center","background-size":"auto","background-attachment":"scroll","background-type":"","background-media":"","overlay-type":"","overlay-color":"","overlay-opacity":"","overlay-gradient":""}},"ast-content-background-meta":{"desktop":{"background-color":"var(--ast-global-color-5)","background-image":"","background-repeat":"repeat","background-position":"center center","background-size":"auto","background-attachment":"scroll","background-type":"","background-media":"","overlay-type":"","overlay-color":"","overlay-opacity":"","overlay-gradient":""},"tablet":{"background-color":"var(--ast-global-color-5)","background-image":"","background-repeat":"repeat","background-position":"center center","background-size":"auto","background-attachment":"scroll","background-type":"","background-media":"","overlay-type":"","overlay-color":"","overlay-opacity":"","overlay-gradient":""},"mobile":{"background-color":"var(--ast-global-color-5)","background-image":"","background-repeat":"repeat","background-position":"center center","background-size":"auto","background-attachment":"scroll","background-type":"","background-media":"","overlay-type":"","overlay-color":"","overlay-opacity":"","overlay-gradient":""}},"footnotes":""},"class_list":["post-5","page","type-page","status-publish","hentry"],"rttpg_featured_image_url":null,"rttpg_author":{"display_name":"david","author_link":"https:\/\/educ.rec.br\/portaleducacao\/index.php\/author\/david\/"},"rttpg_comment":0,"rttpg_category":null,"rttpg_excerpt":"More than 2 results are available in the PRO version (This notice is only visible to admin users) Di\u00e1rio Oficial do Munic\u00edpio Conselho Municipal de Educa\u00e7\u00e3o Plano Municipal de Educa\u00e7\u00e3o Escola de Forma\u00e7\u00e3o Professor Paulo Freire Escola do Governo da Cidade do Recife Portal da Transpar\u00eancia Not\u00edcias Mais Not\u00edcias \u00daltimos Posts Siga-nos @educacaorecife.oficial 07\/02\/2025 \ud83d\udcdaNesta&hellip;","_links":{"self":[{"href":"https:\/\/educ.rec.br\/portaleducacao\/index.php\/wp-json\/wp\/v2\/pages\/5","targetHints":{"allow":["GET"]}}],"collection":[{"href":"https:\/\/educ.rec.br\/portaleducacao\/index.php\/wp-json\/wp\/v2\/pages"}],"about":[{"href":"https:\/\/educ.rec.br\/portaleducacao\/index.php\/wp-json\/wp\/v2\/types\/page"}],"author":[{"embeddable":true,"href":"https:\/\/educ.rec.br\/portaleducacao\/index.php\/wp-json\/wp\/v2\/users\/1"}],"replies":[{"embeddable":true,"href":"https:\/\/educ.rec.br\/portaleducacao\/index.php\/wp-json\/wp\/v2\/comments?post=5"}],"version-history":[{"count":1628,"href":"https:\/\/educ.rec.br\/portaleducacao\/index.php\/wp-json\/wp\/v2\/pages\/5\/revisions"}],"predecessor-version":[{"id":12347,"href":"https:\/\/educ.rec.br\/portaleducacao\/index.php\/wp-json\/wp\/v2\/pages\/5\/revisions\/12347"}],"wp:attachment":[{"href":"https:\/\/educ.rec.br\/portaleducacao\/index.php\/wp-json\/wp\/v2\/media?parent=5"}],"curies":[{"name":"wp","href":"https:\/\/api.w.org\/{rel}","templated":true}]}}